{"version":"1.0","provider_name":"Mekanda Adalet","provider_url":"https:\/\/mekandaadalet.org\/en\/","title":"#MADara\u015ft\u0131rma2020 Salg\u0131n G\u00fcndemine De\u011finen Ba\u015fvurular\u0131 Bekliyor! - Mekanda Adalet","type":"rich","width":600,"height":338,"html":"<blockquote class=\"wp-embedded-content\" data-secret=\"rewHqCm7bo\"><a href=\"https:\/\/mekandaadalet.org\/en\/madarastirma2020-salgin-gundemine-deginen-basvurulari-bekliyor\/\">#MADara\u015ft\u0131rma2020 Salg\u0131n G\u00fcndemine De\u011finen Ba\u015fvurular\u0131 Bekliyor!<\/a><\/blockquote><iframe sandbox=\"allow-scripts\" security=\"restricted\" src=\"https:\/\/mekandaadalet.org\/en\/madarastirma2020-salgin-gundemine-deginen-basvurulari-bekliyor\/embed\/#?secret=rewHqCm7bo\" width=\"600\" height=\"338\" title=\"&#8220;#MADara\u015ft\u0131rma2020 Salg\u0131n G\u00fcndemine De\u011finen Ba\u015fvurular\u0131 Bekliyor!&#8221; &#8212; Mekanda Adalet\" data-secret=\"rewHqCm7bo\" frameborder=\"0\" marginwidth=\"0\" marginheight=\"0\" scrolling=\"no\" class=\"wp-embedded-content\"><\/iframe><script type=\"text\/javascript\">\n\/* <![CDATA[ *\/\n\/*! This file is auto-generated *\/\n!function(d,l){\"use strict\";l.querySelector&&d.addEventListener&&\"undefined\"!=typeof URL&&(d.wp=d.wp||{},d.wp.receiveEmbedMessage||(d.wp.receiveEmbedMessage=function(e){var t=e.data;if((t||t.secret||t.message||t.value)&&!\/[^a-zA-Z0-9]\/.test(t.secret)){for(var s,r,n,a=l.querySelectorAll('iframe[data-secret=\"'+t.secret+'\"]'),o=l.querySelectorAll('blockquote[data-secret=\"'+t.secret+'\"]'),c=new RegExp(\"^https?:$\",\"i\"),i=0;i<o.length;i++)o[i].style.display=\"none\";for(i=0;i<a.length;i++)s=a[i],e.source===s.contentWindow&&(s.removeAttribute(\"style\"),\"height\"===t.message?(1e3<(r=parseInt(t.value,10))?r=1e3:~~r<200&&(r=200),s.height=r):\"link\"===t.message&&(r=new URL(s.getAttribute(\"src\")),n=new URL(t.value),c.test(n.protocol))&&n.host===r.host&&l.activeElement===s&&(d.top.location.href=t.value))}},d.addEventListener(\"message\",d.wp.receiveEmbedMessage,!1),l.addEventListener(\"DOMContentLoaded\",function(){for(var e,t,s=l.querySelectorAll(\"iframe.wp-embedded-content\"),r=0;r<s.length;r++)(t=(e=s[r]).getAttribute(\"data-secret\"))||(t=Math.random().toString(36).substring(2,12),e.src+=\"#?secret=\"+t,e.setAttribute(\"data-secret\",t)),e.contentWindow.postMessage({message:\"ready\",secret:t},\"*\")},!1)))}(window,document);\n\/* ]]> *\/\n<\/script>\n","thumbnail_url":"https:\/\/mekandaadalet.org\/wp-content\/uploads\/2020\/04\/Haber-6.jpg","thumbnail_width":1920,"thumbnail_height":1080,"description":"Bu y\u0131l #MADara\u015ft\u0131rma \u00e7er\u00e7evesinde, mek\u00e2nda adalet g\u00fcndemiyle kesi\u015fmesi kayd\u0131yla, Halk Sa\u011fl\u0131\u011f\u0131, Afet, G\u00fcvenlik, Bilim ve Teknoloji, Do\u011fa temalar\u0131na odaklanan, salg\u0131n\u0131n yaratt\u0131\u011f\u0131 belirsizlik ve d\u00f6n\u00fc\u015f\u00fcm potansiyelini anlamam\u0131za yard\u0131mc\u0131 olacak ara\u015ft\u0131rma ve \u00fcretimlere destek sa\u011flanacakt\u0131r. Mekanda Adalet Derne\u011fi (MAD) olarak bu y\u0131l \u00fc\u00e7\u00fcnc\u00fcs\u00fcn\u00fc y\u00fcr\u00fctece\u011fimiz #MADara\u015ft\u0131rma destek program\u0131n\u0131 sunmaktan mutluluk duyuyoruz! Mek\u00e2n \u00e7al\u0131\u015fmalar\u0131n\u0131 ve toplumsal adalet g\u00fcndemini birle\u015ftiren [&hellip;]"}