{"version":"1.0","provider_name":"Mekanda Adalet","provider_url":"https:\/\/mekandaadalet.org\/en\/","title":"\u0130lk \u00c7evrimi\u00e7i Etkinli\u011fimiz Yay\u0131nda: Salg\u0131nda Adalet ve Sa\u011fl\u0131k - Mekanda Adalet","type":"rich","width":600,"height":338,"html":"<blockquote class=\"wp-embedded-content\" data-secret=\"SWtXJb4uMn\"><a href=\"https:\/\/mekandaadalet.org\/en\/ilk-cevrimici-etkinligimiz-yayinda-salginda-adalet-ve-saglik\/\">\u0130lk \u00c7evrimi\u00e7i Etkinli\u011fimiz Yay\u0131nda: Salg\u0131nda Adalet ve Sa\u011fl\u0131k<\/a><\/blockquote><iframe sandbox=\"allow-scripts\" security=\"restricted\" src=\"https:\/\/mekandaadalet.org\/en\/ilk-cevrimici-etkinligimiz-yayinda-salginda-adalet-ve-saglik\/embed\/#?secret=SWtXJb4uMn\" width=\"600\" height=\"338\" title=\"&#8220;\u0130lk \u00c7evrimi\u00e7i Etkinli\u011fimiz Yay\u0131nda: Salg\u0131nda Adalet ve Sa\u011fl\u0131k&#8221; &#8212; Mekanda Adalet\" data-secret=\"SWtXJb4uMn\" frameborder=\"0\" marginwidth=\"0\" marginheight=\"0\" scrolling=\"no\" class=\"wp-embedded-content\"><\/iframe><script type=\"text\/javascript\">\n\/* <![CDATA[ *\/\n\/*! This file is auto-generated *\/\n!function(d,l){\"use strict\";l.querySelector&&d.addEventListener&&\"undefined\"!=typeof URL&&(d.wp=d.wp||{},d.wp.receiveEmbedMessage||(d.wp.receiveEmbedMessage=function(e){var t=e.data;if((t||t.secret||t.message||t.value)&&!\/[^a-zA-Z0-9]\/.test(t.secret)){for(var s,r,n,a=l.querySelectorAll('iframe[data-secret=\"'+t.secret+'\"]'),o=l.querySelectorAll('blockquote[data-secret=\"'+t.secret+'\"]'),c=new RegExp(\"^https?:$\",\"i\"),i=0;i<o.length;i++)o[i].style.display=\"none\";for(i=0;i<a.length;i++)s=a[i],e.source===s.contentWindow&&(s.removeAttribute(\"style\"),\"height\"===t.message?(1e3<(r=parseInt(t.value,10))?r=1e3:~~r<200&&(r=200),s.height=r):\"link\"===t.message&&(r=new URL(s.getAttribute(\"src\")),n=new URL(t.value),c.test(n.protocol))&&n.host===r.host&&l.activeElement===s&&(d.top.location.href=t.value))}},d.addEventListener(\"message\",d.wp.receiveEmbedMessage,!1),l.addEventListener(\"DOMContentLoaded\",function(){for(var e,t,s=l.querySelectorAll(\"iframe.wp-embedded-content\"),r=0;r<s.length;r++)(t=(e=s[r]).getAttribute(\"data-secret\"))||(t=Math.random().toString(36).substring(2,12),e.src+=\"#?secret=\"+t,e.setAttribute(\"data-secret\",t)),e.contentWindow.postMessage({message:\"ready\",secret:t},\"*\")},!1)))}(window,document);\n\/* ]]> *\/\n<\/script>\n","thumbnail_url":"https:\/\/mekandaadalet.org\/wp-content\/uploads\/2020\/05\/Haber-4.jpeg","thumbnail_width":1400,"thumbnail_height":787,"description":"COVID-19 salg\u0131n\u0131 sebebiyle webinar format\u0131nda s\u00fcrd\u00fcrd\u00fc\u011f\u00fcm\u00fcz #MADakademi bulu\u015fmalar\u0131n\u0131n ilki Sinan Erens\u00fc moderat\u00f6rl\u00fc\u011f\u00fcnde, Ay\u015fecan Terzio\u011flu ve Fatih Artvinli kat\u0131l\u0131m\u0131yla yap\u0131ld\u0131. Sabanc\u0131 \u00dcniversitesi K\u00fclt\u00fcrel \u00c7al\u0131\u015fmalar Program\u0131\u2019nda \u00f6\u011fretim \u00fcyesi Ay\u015fecan Terzio\u011flu ve Ac\u0131badem \u00dcniversitesi T\u0131p Fak\u00fcltesi, T\u0131p Tarihi ve Etik Anabilim Dal\u0131\u2019nda \u00f6\u011fretim \u00fcyesi Fatih Artvinli ile t\u0131p tarihi ve sa\u011fl\u0131k antropolojisi perspektifinden salg\u0131nda adalet\/adaletsizlik \u00fczerine konu\u015fuldu. Yay\u0131n [&hellip;]"}